{"id":106,"date":"2022-03-28T11:41:50","date_gmt":"2022-03-28T14:41:50","guid":{"rendered":"https:\/\/regentetelhas.com.br\/site\/?page_id=106"},"modified":"2022-03-29T10:17:04","modified_gmt":"2022-03-29T13:17:04","slug":"telha-termoacustica-2","status":"publish","type":"page","link":"https:\/\/regentetelhas.com.br\/site\/telha-termoacustica-2\/","title":{"rendered":"Telha Termoac\u00fastica"},"content":{"rendered":"<p>[et_pb_section fb_built=&#8221;1&#8243; _builder_version=&#8221;4.9.4&#8243; _module_preset=&#8221;default&#8221;][et_pb_row use_custom_gutter=&#8221;on&#8221; gutter_width=&#8221;1&#8243; make_equal=&#8221;on&#8221; _builder_version=&#8221;4.9.4&#8243; _module_preset=&#8221;default&#8221; width=&#8221;100%&#8221; max_width=&#8221;1500px&#8221;][et_pb_column type=&#8221;4_4&#8243; _builder_version=&#8221;4.9.4&#8243; _module_preset=&#8221;default&#8221;][et_pb_image src=&#8221;https:\/\/regentetelhas.com.br\/site\/wp-content\/uploads\/2022\/03\/telha-termoacustica02.png&#8221; title_text=&#8221;telha termoacustica02&#8243; align=&#8221;center&#8221; force_fullwidth=&#8221;on&#8221; _builder_version=&#8221;4.9.4&#8243; _module_preset=&#8221;default&#8221;][\/et_pb_image][\/et_pb_column][\/et_pb_row][et_pb_row _builder_version=&#8221;4.9.4&#8243; _module_preset=&#8221;default&#8221;][et_pb_column type=&#8221;4_4&#8243; _builder_version=&#8221;4.9.4&#8243; _module_preset=&#8221;default&#8221;][et_pb_text _builder_version=&#8221;4.9.4&#8243; _module_preset=&#8221;default&#8221; hover_enabled=&#8221;0&#8243; text_font_size=&#8221;18px&#8221; sticky_enabled=&#8221;0&#8243;]<\/p>\n<p><strong>A telha termoac\u00fastica \u00e9 uma nova op\u00e7\u00e3o para o seu projeto. Tamb\u00e9m chamada de telha sandu\u00edche, a cobertura re\u00fane propriedades que isolam a temperatura e o som<\/strong><\/p>\n<p><strong>As telhas termoac\u00fasticas s\u00e3o ideais para projetos que exigem acabamento com isolamento t\u00e9rmico e ac\u00fastico que minimizam gastos com energia, refrigera\u00e7\u00e3o e controle de emiss\u00f5es sonoras externas. Composta por duas telhas de a\u00e7o formando um &#8220;sanduiche&#8221; com o n\u00facleo em EPS (isopor).<\/strong><\/p>\n<p><strong>Telhas termoac\u00fastica se popularizou recentemente no mercado e conquista cada vez mais espa\u00e7o pela praticidade de instala\u00e7\u00e3o e pelo seu custo x benef\u00edcio.<\/strong><\/p>\n<h2><strong>\u00a0<\/strong><\/h2>\n<h2><strong>6 Benef\u00edcios da Telha Sandu\u00edche<\/strong><\/h2>\n<ol>\n<li><strong>Proporciona significativa redu\u00e7\u00e3o dos ru\u00eddos externos \u2013\u00a0barreira ac\u00fastica de 20 a 40 decib\u00e9is<\/strong><\/li>\n<li><strong>Propicia\u00a090% de redu\u00e7\u00e3o t\u00e9rmica\u00a0para fechamentos e coberturas a um custo menor do que outras alternativas<\/strong><\/li>\n<li><strong>Possui\u00a0a\u00e7\u00e3o retardante na a\u00e7\u00e3o de\u00a0chamas<\/strong><\/li>\n<li><strong>N\u00e3o absorve \u00e1gua<\/strong><\/li>\n<li><strong>Por sua propriedade isolante,\u00a0a telha sandu\u00edche ajuda na economia nas empresas e residencias, j\u00e1 que, ao garantir o controle t\u00e9rmico dos ambientes, diminui os gastos com o\u00a0ar-condicionado, por exemplo.<\/strong><\/li>\n<li><strong>O\u00a0controle t\u00e9rmico que a telha sandu\u00edche oferece\u00a0evita o superaquecimento das\u00a0coberturas, evitando assim a condensa\u00e7\u00e3o e gotejamento de \u00e1gua.<\/strong><\/li>\n<\/ol>\n<p>&nbsp;<\/p>\n<p>[\/et_pb_text][\/et_pb_column][\/et_pb_row][\/et_pb_section][et_pb_section fb_built=&#8221;1&#8243; _builder_version=&#8221;4.9.4&#8243; _module_preset=&#8221;default&#8221;][et_pb_row _builder_version=&#8221;4.9.4&#8243; _module_preset=&#8221;default&#8221;][et_pb_column type=&#8221;4_4&#8243; _builder_version=&#8221;4.9.4&#8243; _module_preset=&#8221;default&#8221;][et_pb_image src=&#8221;https:\/\/regentetelhas.com.br\/site\/wp-content\/uploads\/2022\/03\/telha-termoacustica01.png&#8221; title_text=&#8221;telha termoacustica01&#8243; _builder_version=&#8221;4.9.4&#8243; _module_preset=&#8221;default&#8221;][\/et_pb_image][\/et_pb_column][\/et_pb_row][\/et_pb_section][et_pb_section fb_built=&#8221;1&#8243; _builder_version=&#8221;4.9.4&#8243; _module_preset=&#8221;default&#8221;][et_pb_row _builder_version=&#8221;4.9.4&#8243; _module_preset=&#8221;default&#8221;][et_pb_column type=&#8221;4_4&#8243; _builder_version=&#8221;4.9.4&#8243; _module_preset=&#8221;default&#8221;][et_pb_image src=&#8221;https:\/\/regentetelhas.com.br\/site\/wp-content\/uploads\/2022\/03\/cartoes3.png&#8221; title_text=&#8221;cartoes3&#8243; _builder_version=&#8221;4.9.4&#8243; _module_preset=&#8221;default&#8221;][\/et_pb_image][\/et_pb_column][\/et_pb_row][\/et_pb_section]<\/p>\n","protected":false},"excerpt":{"rendered":"<p>A telha termoac\u00fastica \u00e9 uma nova op\u00e7\u00e3o para o seu projeto. Tamb\u00e9m chamada de telha sandu\u00edche, a cobertura re\u00fane propriedades que isolam a temperatura e o som As telhas termoac\u00fasticas s\u00e3o ideais para projetos que exigem acabamento com isolamento t\u00e9rmico e ac\u00fastico que minimizam gastos com energia, refrigera\u00e7\u00e3o e controle de emiss\u00f5es sonoras externas. Composta [&hellip;]<\/p>\n","protected":false},"author":1,"featured_media":0,"parent":0,"menu_order":0,"comment_status":"closed","ping_status":"closed","template":"","meta":{"_et_pb_use_builder":"on","_et_pb_old_content":"","_et_gb_content_width":""},"_links":{"self":[{"href":"https:\/\/regentetelhas.com.br\/site\/wp-json\/wp\/v2\/pages\/106"}],"collection":[{"href":"https:\/\/regentetelhas.com.br\/site\/wp-json\/wp\/v2\/pages"}],"about":[{"href":"https:\/\/regentetelhas.com.br\/site\/wp-json\/wp\/v2\/types\/page"}],"author":[{"embeddable":true,"href":"https:\/\/regentetelhas.com.br\/site\/wp-json\/wp\/v2\/users\/1"}],"replies":[{"embeddable":true,"href":"https:\/\/regentetelhas.com.br\/site\/wp-json\/wp\/v2\/comments?post=106"}],"version-history":[{"count":6,"href":"https:\/\/regentetelhas.com.br\/site\/wp-json\/wp\/v2\/pages\/106\/revisions"}],"predecessor-version":[{"id":248,"href":"https:\/\/regentetelhas.com.br\/site\/wp-json\/wp\/v2\/pages\/106\/revisions\/248"}],"wp:attachment":[{"href":"https:\/\/regentetelhas.com.br\/site\/wp-json\/wp\/v2\/media?parent=106"}],"curies":[{"name":"wp","href":"https:\/\/api.w.org\/{rel}","templated":true}]}}